{"id":9857,"date":"2017-03-23T10:47:02","date_gmt":"2017-03-23T10:47:02","guid":{"rendered":"https:\/\/thuiszorgeuroclinicarincon.com\/bank-holidays\/"},"modified":"2022-04-28T11:50:52","modified_gmt":"2022-04-28T11:50:52","slug":"los-dias-festivos","status":"publish","type":"page","link":"https:\/\/thuiszorgeuroclinicarincon.com\/es\/informatie\/los-dias-festivos\/","title":{"rendered":"Los D\u00edas Festivos"},"content":{"rendered":"<p>[vc_row full_width=\u00bbstretch_row_content_no_spaces\u00bb bg_type=\u00bbbg_color\u00bb bg_color_value=\u00bb#78bfa4&#8243; css=\u00bb.vc_custom_1490098001789{margin-top: 0px !important;margin-bottom: 0px !important;}\u00bb][vc_column width=\u00bb1\/2&#8243; css=\u00bb.vc_custom_1422972897861{margin-right: 0px !important;margin-left: 0px !important;padding-right: 0px !important;padding-left: 0px !important;}\u00bb]<div class=\"ult-animation  ult-animate-viewport  ult-no-mobile \" data-animate=\"fadeInLeft\" data-animation-delay=\"1\" data-animation-duration=\"1\" data-animation-iteration=\"1\" style=\"opacity:0;\" data-opacity_start_effect=\"\">[vc_single_image img_size=\u00bbfull\u00bb alignment=\u00bbcenter\u00bb image=\u00bbid^9991|url^https:\/\/thuiszorgeuroclinicarincon.com\/wp-content\/uploads\/2017\/04\/feestdagen_header.jpg|caption^null|alt^null|title^feestdagen_header|description^null\u00bb css=\u00bb.vc_custom_1492600063472{margin-top: 0px !important;margin-right: 0px !important;margin-bottom: 0px !important;margin-left: 0px !important;padding-right: 0px !important;padding-left: 0px !important;}\u00bb]<\/div>[\/vc_column][vc_column width=\u00bb1\/2&#8243; css=\u00bb.vc_custom_1490266478533{margin-top: 0px !important;margin-right: 0px !important;margin-bottom: 0px !important;margin-left: 0px !important;padding-top: 70px !important;padding-right: 70px !important;padding-bottom: 40px !important;padding-left: 70px !important;}\u00bb]<div class=\"ult-animation  ult-animate-viewport  ult-no-mobile \" data-animate=\"fadeInRight\" data-animation-delay=\"1.5\" data-animation-duration=\"1\" data-animation-iteration=\"1\" style=\"opacity:0;\" data-opacity_start_effect=\"\"><div id=\"ultimate-heading-5786a97cb7286b9e\" class=\"uvc-heading ult-adjust-bottom-margin ultimate-heading-5786a97cb7286b9e uvc-6458 \" data-hspacer=\"line_only\"  data-halign=\"left\" style=\"text-align:left\"><div class=\"uvc-main-heading ult-responsive\"  data-ultimate-target='.uvc-heading.ultimate-heading-5786a97cb7286b9e h2'  data-responsive-json-new='{\"font-size\":\"desktop:55px;mobile:47px;\",\"line-height\":\"\"}' ><h2 style=\"font-family:'Open Sans';font-weight:300;color:#ffffff;\">Los D\u00edas Festivos<\/h2><\/div><div class=\"uvc-heading-spacer line_only\" style=\"margin-top:20px;height:1px;\"><span class=\"uvc-headings-line\" style=\"border-style:solid;border-bottom-width:1px;border-color:#ffffff;width:250px;\"><\/span><\/div><div class=\"uvc-sub-heading ult-responsive\"  data-ultimate-target='.uvc-heading.ultimate-heading-5786a97cb7286b9e .uvc-sub-heading '  data-responsive-json-new='{\"font-size\":\"\",\"line-height\":\"\"}'  style=\"font-weight:normal;color:#ffffff;margin-top:20px;\"><\/p>\n<h4>Los d\u00edas siguientes son d\u00edas festivos nacionales. Thuiszorg Euro Cl\u00ednica Rinc\u00f3n estar\u00e1 cerrado en estos d\u00edas.<\/h4>\n<h4>Para emergencias, est\u00e1 siempre disponible en el n\u00famero <span lang=\"es\">(+34) 608 218 626 (24 horas).<\/span><\/h4>\n<p><\/div><\/div><\/div>[\/vc_column][\/vc_row][vc_row][vc_column][imd_price_list imd_pr_list_content=\u00bb2022&#8243; imd_pr_list__font_size=\u00bb35&#8243; imd_pr_list_font_style=\u00bbfont-weight:bold;\u00bb][\/imd_price_list][\/vc_column][\/vc_row][vc_row gap=\u00bb15&#8243; equal_height=\u00bbyes\u00bb el_class=\u00bbresponsive-fix-feestdagen\u00bb][vc_column width=\u00bb1\/2&#8243;][imd_price_list imd_pr_list__font_size=\u00bb35&#8243; imd_pr_list_font_style=\u00bbfont-weight:bold;\u00bb][imd_price_list_element imd_pr_list_elm_name=\u00bbJueves, el 6 de enero\u00bb imd_pr_list_elm_price=\u00bbLos Reyes\u00bb][imd_price_list_element imd_pr_list_elm_name=\u00bbViernes, el 15 de abril\u00bb imd_pr_list_elm_price=\u00bbViernes Santo\u00bb][imd_price_list_element imd_pr_list_elm_name=\u00bbLunes, el 18 de abril\u00bb imd_pr_list_elm_price=\u00bbLunes de Pascuas\u00bb][imd_price_list_element imd_pr_list_elm_name=\u00bbViernes, el 24 de Junio\u00bb imd_pr_list_elm_price=\u00bbSan Juan\u00bb][imd_price_list_element imd_pr_list_elm_name=\u00bbLunes, el 15 de agosto\u00bb imd_pr_list_elm_price=\u00bbAsunci\u00f3n del Virgen\u00bb][\/imd_price_list][\/vc_column][vc_column width=\u00bb1\/2&#8243;][imd_price_list imd_pr_list__font_size=\u00bb35&#8243; imd_pr_list_font_style=\u00bbfont-weight:bold;\u00bb][imd_price_list_element imd_pr_list_elm_name=\u00bbMi\u00e9rcoles, el 12 de octubre\u00bb imd_pr_list_elm_price=\u00bbFiesta Nacional de Espa\u00f1a\/Hispanidad\u00bb][imd_price_list_element imd_pr_list_elm_name=\u00bbMartes, el 1 de noviembre\u00bb imd_pr_list_elm_price=\u00bbD\u00eda de Todos los Santos\u00bb][imd_price_list_element imd_pr_list_elm_name=\u00bbLunes, el 14 de noviembre\u00bb imd_pr_list_elm_price=\u00bbFiestas Patronales de Benidorm\u00bb][imd_price_list_element imd_pr_list_elm_name=\u00bbMartes, el 15 de noviembre\u00bb imd_pr_list_elm_price=\u00bbFiestas Patronales de Benidorm\u00bb][imd_price_list_element imd_pr_list_elm_name=\u00bbMartes, el 6 de diciembre\u00bb imd_pr_list_elm_price=\u00bbD\u00eda de la Constituci\u00f3n Espa\u00f1ola\u00bb][imd_price_list_element imd_pr_list_elm_name=\u00bbJueves, el 8 de diciembre\u00bb imd_pr_list_elm_price=\u00bbConcepci\u00f3n Inmaculada\u00bb][\/imd_price_list][\/vc_column][\/vc_row]<\/p>\n","protected":false},"excerpt":{"rendered":"<p>[vc_row full_width=\u00bbstretch_row_content_no_spaces\u00bb bg_type=\u00bbbg_color\u00bb bg_color_value=\u00bb#78bfa4&#8243; css=\u00bb.vc_custom_1490098001789{margin-top: 0px !important;margin-bottom: 0px !important;}\u00bb][vc_column width=\u00bb1\/2&#8243; css=\u00bb.vc_custom_1422972897861{margin-right: 0px !important;margin-left: 0px !important;padding-right: 0px !important;padding-left: 0px !important;}\u00bb][\/vc_column][vc_column width=\u00bb1\/2&#8243; css=\u00bb.vc_custom_1490266478533{margin-top: 0px !important;margin-right: 0px !important;margin-bottom: 0px !important;margin-left: 0px !important;padding-top: 70px !important;padding-right: 70px !important;padding-bottom: 40px !important;padding-left: 70px !important;}\u00bb][\/vc_column][\/vc_row][vc_row][vc_column][imd_price_list imd_pr_list_content=\u00bb2022&#8243; imd_pr_list__font_size=\u00bb35&#8243; imd_pr_list_font_style=\u00bbfont-weight:bold;\u00bb][\/imd_price_list][\/vc_column][\/vc_row][vc_row gap=\u00bb15&#8243; equal_height=\u00bbyes\u00bb el_class=\u00bbresponsive-fix-feestdagen\u00bb][vc_column width=\u00bb1\/2&#8243;][imd_price_list imd_pr_list__font_size=\u00bb35&#8243; imd_pr_list_font_style=\u00bbfont-weight:bold;\u00bb][imd_price_list_element imd_pr_list_elm_name=\u00bbJueves, el 6 de enero\u00bb imd_pr_list_elm_price=\u00bbLos Reyes\u00bb][imd_price_list_element imd_pr_list_elm_name=\u00bbViernes, el 15 de abril\u00bb imd_pr_list_elm_price=\u00bbViernes Santo\u00bb][imd_price_list_element imd_pr_list_elm_name=\u00bbLunes,<\/p>\n","protected":false},"author":1,"featured_media":0,"parent":10226,"menu_order":0,"comment_status":"closed","ping_status":"closed","template":"","meta":[],"yoast_head":"<!-- This site is optimized with the Yoast SEO plugin v15.2.1 - https:\/\/yoast.com\/wordpress\/plugins\/seo\/ -->\n<title>Los D\u00edas Festivos - Thuiszorg Euro Cl\u00ednica Rinc\u00f3n<\/title>\n<meta name=\"robots\" content=\"index, follow, max-snippet:-1, max-image-preview:large, max-video-preview:-1\" \/>\n<link rel=\"canonical\" href=\"https:\/\/thuiszorgeuroclinicarincon.com\/es\/informatie\/los-dias-festivos\/\" \/>\n<meta property=\"og:locale\" content=\"es_ES\" \/>\n<meta property=\"og:type\" content=\"article\" \/>\n<meta property=\"og:title\" content=\"Los D\u00edas Festivos - Thuiszorg Euro Cl\u00ednica Rinc\u00f3n\" \/>\n<meta property=\"og:description\" content=\"[vc_row full_width=\u00bbstretch_row_content_no_spaces\u00bb bg_type=\u00bbbg_color\u00bb bg_color_value=\u00bb#78bfa4&#8243; css=\u00bb.vc_custom_1490098001789{margin-top: 0px !important;margin-bottom: 0px !important;}\u00bb][vc_column width=\u00bb1\/2&#8243; css=\u00bb.vc_custom_1422972897861{margin-right: 0px !important;margin-left: 0px !important;padding-right: 0px !important;padding-left: 0px !important;}\u00bb][\/vc_column][vc_column width=\u00bb1\/2&#8243; css=\u00bb.vc_custom_1490266478533{margin-top: 0px !important;margin-right: 0px !important;margin-bottom: 0px !important;margin-left: 0px !important;padding-top: 70px !important;padding-right: 70px !important;padding-bottom: 40px !important;padding-left: 70px !important;}\u00bb][\/vc_column][\/vc_row][vc_row][vc_column][imd_price_list imd_pr_list_content=\u00bb2022&#8243; imd_pr_list__font_size=\u00bb35&#8243; imd_pr_list_font_style=\u00bbfont-weight:bold;\u00bb][\/imd_price_list][\/vc_column][\/vc_row][vc_row gap=\u00bb15&#8243; equal_height=\u00bbyes\u00bb el_class=\u00bbresponsive-fix-feestdagen\u00bb][vc_column width=\u00bb1\/2&#8243;][imd_price_list imd_pr_list__font_size=\u00bb35&#8243; imd_pr_list_font_style=\u00bbfont-weight:bold;\u00bb][imd_price_list_element imd_pr_list_elm_name=\u00bbJueves, el 6 de enero\u00bb imd_pr_list_elm_price=\u00bbLos Reyes\u00bb][imd_price_list_element imd_pr_list_elm_name=\u00bbViernes, el 15 de abril\u00bb imd_pr_list_elm_price=\u00bbViernes Santo\u00bb][imd_price_list_element imd_pr_list_elm_name=\u00bbLunes,\" \/>\n<meta property=\"og:url\" content=\"https:\/\/thuiszorgeuroclinicarincon.com\/es\/informatie\/los-dias-festivos\/\" \/>\n<meta property=\"og:site_name\" content=\"Thuiszorg Euro Cl\u00ednica Rinc\u00f3n\" \/>\n<meta property=\"article:modified_time\" content=\"2022-04-28T11:50:52+00:00\" \/>\n<meta name=\"twitter:card\" content=\"summary\" \/>\n<meta name=\"twitter:label1\" content=\"Escrito por\">\n\t<meta name=\"twitter:data1\" content=\"bottlepostmedia\">\n\t<meta name=\"twitter:label2\" content=\"Tiempo de lectura\">\n\t<meta name=\"twitter:data2\" content=\"2 minutos\">\n<script type=\"application\/ld+json\" class=\"yoast-schema-graph\">{\"@context\":\"https:\/\/schema.org\",\"@graph\":[{\"@type\":\"WebSite\",\"@id\":\"https:\/\/thuiszorgeuroclinicarincon.com\/de\/#website\",\"url\":\"https:\/\/thuiszorgeuroclinicarincon.com\/de\/\",\"name\":\"Thuiszorg Euro Cl\\u00ednica Rinc\\u00f3n\",\"description\":\"\",\"potentialAction\":[{\"@type\":\"SearchAction\",\"target\":\"https:\/\/thuiszorgeuroclinicarincon.com\/de\/?s={search_term_string}\",\"query-input\":\"required name=search_term_string\"}],\"inLanguage\":\"es\"},{\"@type\":\"WebPage\",\"@id\":\"https:\/\/thuiszorgeuroclinicarincon.com\/es\/informatie\/los-dias-festivos\/#webpage\",\"url\":\"https:\/\/thuiszorgeuroclinicarincon.com\/es\/informatie\/los-dias-festivos\/\",\"name\":\"Los D\\u00edas Festivos - Thuiszorg Euro Cl\\u00ednica Rinc\\u00f3n\",\"isPartOf\":{\"@id\":\"https:\/\/thuiszorgeuroclinicarincon.com\/de\/#website\"},\"datePublished\":\"2017-03-23T10:47:02+00:00\",\"dateModified\":\"2022-04-28T11:50:52+00:00\",\"inLanguage\":\"es\",\"potentialAction\":[{\"@type\":\"ReadAction\",\"target\":[\"https:\/\/thuiszorgeuroclinicarincon.com\/es\/informatie\/los-dias-festivos\/\"]}]}]}<\/script>\n<!-- \/ Yoast SEO plugin. -->","_links":{"self":[{"href":"https:\/\/thuiszorgeuroclinicarincon.com\/es\/wp-json\/wp\/v2\/pages\/9857\/"}],"collection":[{"href":"https:\/\/thuiszorgeuroclinicarincon.com\/es\/wp-json\/wp\/v2\/pages\/"}],"about":[{"href":"https:\/\/thuiszorgeuroclinicarincon.com\/es\/wp-json\/wp\/v2\/types\/page\/"}],"author":[{"embeddable":true,"href":"https:\/\/thuiszorgeuroclinicarincon.com\/es\/wp-json\/wp\/v2\/users\/1\/"}],"replies":[{"embeddable":true,"href":"https:\/\/thuiszorgeuroclinicarincon.com\/es\/wp-json\/wp\/v2\/comments\/?post=9857"}],"version-history":[{"count":10,"href":"https:\/\/thuiszorgeuroclinicarincon.com\/es\/wp-json\/wp\/v2\/pages\/9857\/revisions\/"}],"predecessor-version":[{"id":10451,"href":"https:\/\/thuiszorgeuroclinicarincon.com\/es\/wp-json\/wp\/v2\/pages\/9857\/revisions\/10451\/"}],"up":[{"embeddable":true,"href":"https:\/\/thuiszorgeuroclinicarincon.com\/es\/wp-json\/wp\/v2\/pages\/10226\/"}],"wp:attachment":[{"href":"https:\/\/thuiszorgeuroclinicarincon.com\/es\/wp-json\/wp\/v2\/media\/?parent=9857"}],"curies":[{"name":"wp","href":"https:\/\/api.w.org\/{rel}","templated":true}]}}